{"id":1203,"date":"2021-09-30T12:20:20","date_gmt":"2021-09-30T12:20:20","guid":{"rendered":"https:\/\/www.petitesarvinesfully.ch\/producteurs\/cave-de-mazembroz-forum-des-vignes\/"},"modified":"2024-01-25T17:01:38","modified_gmt":"2024-01-25T16:01:38","slug":"cave-de-mazembroz-forum-des-vignes","status":"publish","type":"producer","link":"https:\/\/www.petitesarvinesfully.ch\/de\/producteurs\/cave-de-mazembroz-forum-des-vignes\/","title":{"rendered":"Cave de Mazembroz"},"content":{"rendered":"<p>Die Cave de Mazembroz, ein 8 ha umfassendes Weingut, das auch unter dem Namen \u00abForum des Vignes\u00bb bekannt ist, wird von Vater St\u00e9phane Carron und seinen beiden S\u00f6hnen Jo\u00ebl und Xavier gef\u00fchrt. F\u00fcr sie steht das Kundenerlebnis im Vordergrund. In ihrem Weinkeller k\u00f6nnen sie bis zu 120 Personen empfangen. Sie organisieren auch Essen f\u00fcr Gruppen, Aperos f\u00fcr Hochzeiten und Degustationen f\u00fcr Einzelpersonen.<\/p>\n","protected":false},"featured_media":2096,"template":"","producer_category":[30],"class_list":["post-1203","producer","type-producer","status-publish","has-post-thumbnail","hentry","producer_category-weinmacher"],"acf":[],"yoast_head":"<!-- This site is optimized with the Yoast SEO plugin v27.5 - https:\/\/yoast.com\/product\/yoast-seo-wordpress\/ -->\n<title>Cave de Mazembroz - Petite Arvine<\/title>\n<meta name=\"robots\" content=\"index, follow, max-snippet:-1, max-image-preview:large, max-video-preview:-1\" \/>\n<link rel=\"canonical\" href=\"https:\/\/www.petitesarvinesfully.ch\/de\/producteurs\/cave-de-mazembroz-forum-des-vignes\/\" \/>\n<meta property=\"og:locale\" content=\"de_DE\" \/>\n<meta property=\"og:type\" content=\"article\" \/>\n<meta property=\"og:title\" content=\"Cave de Mazembroz - Petite Arvine\" \/>\n<meta property=\"og:description\" content=\"Die Cave de Mazembroz, ein 8 ha umfassendes Weingut, das auch unter dem Namen \u00abForum des Vignes\u00bb bekannt ist, wird&hellip; Weiterlesen Cave de Mazembroz\" \/>\n<meta property=\"og:url\" content=\"https:\/\/www.petitesarvinesfully.ch\/de\/producteurs\/cave-de-mazembroz-forum-des-vignes\/\" \/>\n<meta property=\"og:site_name\" content=\"Petite Arvine\" \/>\n<meta property=\"article:publisher\" content=\"https:\/\/www.facebook.com\/petitesarvinesfully\" \/>\n<meta property=\"article:modified_time\" content=\"2024-01-25T16:01:38+00:00\" \/>\n<meta property=\"og:image\" content=\"https:\/\/www.petitesarvinesfully.ch\/wp-content\/uploads\/2021\/09\/petites-arvines-fully-cave-mazembroz-stephane-joel-carron.webp\" \/>\n\t<meta property=\"og:image:width\" content=\"1086\" \/>\n\t<meta property=\"og:image:height\" content=\"1536\" \/>\n\t<meta property=\"og:image:type\" content=\"image\/webp\" \/>\n<meta name=\"twitter:card\" content=\"summary_large_image\" \/>\n<meta name=\"twitter:label1\" content=\"Gesch\u00e4tzte Lesezeit\" \/>\n\t<meta name=\"twitter:data1\" content=\"1\u00a0Minute\" \/>\n<script type=\"application\/ld+json\" class=\"yoast-schema-graph\">{\"@context\":\"https:\\\/\\\/schema.org\",\"@graph\":[{\"@type\":\"WebPage\",\"@id\":\"https:\\\/\\\/www.petitesarvinesfully.ch\\\/de\\\/producteurs\\\/cave-de-mazembroz-forum-des-vignes\\\/\",\"url\":\"https:\\\/\\\/www.petitesarvinesfully.ch\\\/de\\\/producteurs\\\/cave-de-mazembroz-forum-des-vignes\\\/\",\"name\":\"Cave de Mazembroz - Petite Arvine\",\"isPartOf\":{\"@id\":\"https:\\\/\\\/www.petitesarvinesfully.ch\\\/de\\\/#website\"},\"primaryImageOfPage\":{\"@id\":\"https:\\\/\\\/www.petitesarvinesfully.ch\\\/de\\\/producteurs\\\/cave-de-mazembroz-forum-des-vignes\\\/#primaryimage\"},\"image\":{\"@id\":\"https:\\\/\\\/www.petitesarvinesfully.ch\\\/de\\\/producteurs\\\/cave-de-mazembroz-forum-des-vignes\\\/#primaryimage\"},\"thumbnailUrl\":\"https:\\\/\\\/www.petitesarvinesfully.ch\\\/wp-content\\\/uploads\\\/2021\\\/09\\\/petites-arvines-fully-cave-mazembroz-stephane-joel-carron.webp\",\"datePublished\":\"2021-09-30T12:20:20+00:00\",\"dateModified\":\"2024-01-25T16:01:38+00:00\",\"breadcrumb\":{\"@id\":\"https:\\\/\\\/www.petitesarvinesfully.ch\\\/de\\\/producteurs\\\/cave-de-mazembroz-forum-des-vignes\\\/#breadcrumb\"},\"inLanguage\":\"de\",\"potentialAction\":[{\"@type\":\"ReadAction\",\"target\":[\"https:\\\/\\\/www.petitesarvinesfully.ch\\\/de\\\/producteurs\\\/cave-de-mazembroz-forum-des-vignes\\\/\"]}]},{\"@type\":\"ImageObject\",\"inLanguage\":\"de\",\"@id\":\"https:\\\/\\\/www.petitesarvinesfully.ch\\\/de\\\/producteurs\\\/cave-de-mazembroz-forum-des-vignes\\\/#primaryimage\",\"url\":\"https:\\\/\\\/www.petitesarvinesfully.ch\\\/wp-content\\\/uploads\\\/2021\\\/09\\\/petites-arvines-fully-cave-mazembroz-stephane-joel-carron.webp\",\"contentUrl\":\"https:\\\/\\\/www.petitesarvinesfully.ch\\\/wp-content\\\/uploads\\\/2021\\\/09\\\/petites-arvines-fully-cave-mazembroz-stephane-joel-carron.webp\",\"width\":1086,\"height\":1536,\"caption\":\"Petites Arvines de Fully - Cave Mazembroz - St\u00e9phane et Jo\u00ebl Carron\"},{\"@type\":\"BreadcrumbList\",\"@id\":\"https:\\\/\\\/www.petitesarvinesfully.ch\\\/de\\\/producteurs\\\/cave-de-mazembroz-forum-des-vignes\\\/#breadcrumb\",\"itemListElement\":[{\"@type\":\"ListItem\",\"position\":1,\"name\":\"Accueil\",\"item\":\"https:\\\/\\\/www.petitesarvinesfully.ch\\\/de\\\/\"},{\"@type\":\"ListItem\",\"position\":2,\"name\":\"Cave de Mazembroz\"}]},{\"@type\":\"WebSite\",\"@id\":\"https:\\\/\\\/www.petitesarvinesfully.ch\\\/de\\\/#website\",\"url\":\"https:\\\/\\\/www.petitesarvinesfully.ch\\\/de\\\/\",\"name\":\"Petite Arvine\",\"description\":\"Just another WordPress site\",\"publisher\":{\"@id\":\"https:\\\/\\\/www.petitesarvinesfully.ch\\\/de\\\/#organization\"},\"potentialAction\":[{\"@type\":\"SearchAction\",\"target\":{\"@type\":\"EntryPoint\",\"urlTemplate\":\"https:\\\/\\\/www.petitesarvinesfully.ch\\\/de\\\/?s={search_term_string}\"},\"query-input\":{\"@type\":\"PropertyValueSpecification\",\"valueRequired\":true,\"valueName\":\"search_term_string\"}}],\"inLanguage\":\"de\"},{\"@type\":\"Organization\",\"@id\":\"https:\\\/\\\/www.petitesarvinesfully.ch\\\/de\\\/#organization\",\"name\":\"Fully Destination Petite Arvine\",\"url\":\"https:\\\/\\\/www.petitesarvinesfully.ch\\\/de\\\/\",\"logo\":{\"@type\":\"ImageObject\",\"inLanguage\":\"de\",\"@id\":\"https:\\\/\\\/www.petitesarvinesfully.ch\\\/de\\\/#\\\/schema\\\/logo\\\/image\\\/\",\"url\":\"https:\\\/\\\/www.petitesarvinesfully.ch\\\/wp-content\\\/uploads\\\/2023\\\/12\\\/logo-petites-arvines-fully.png\",\"contentUrl\":\"https:\\\/\\\/www.petitesarvinesfully.ch\\\/wp-content\\\/uploads\\\/2023\\\/12\\\/logo-petites-arvines-fully.png\",\"width\":1200,\"height\":1200,\"caption\":\"Fully Destination Petite Arvine\"},\"image\":{\"@id\":\"https:\\\/\\\/www.petitesarvinesfully.ch\\\/de\\\/#\\\/schema\\\/logo\\\/image\\\/\"},\"sameAs\":[\"https:\\\/\\\/www.facebook.com\\\/petitesarvinesfully\",\"https:\\\/\\\/www.instagram.com\\\/petitesarvinesfully\\\/\"]}]}<\/script>\n<!-- \/ Yoast SEO plugin. -->","yoast_head_json":{"title":"Cave de Mazembroz - Petite Arvine","robots":{"index":"index","follow":"follow","max-snippet":"max-snippet:-1","max-image-preview":"max-image-preview:large","max-video-preview":"max-video-preview:-1"},"canonical":"https:\/\/www.petitesarvinesfully.ch\/de\/producteurs\/cave-de-mazembroz-forum-des-vignes\/","og_locale":"de_DE","og_type":"article","og_title":"Cave de Mazembroz - Petite Arvine","og_description":"Die Cave de Mazembroz, ein 8 ha umfassendes Weingut, das auch unter dem Namen \u00abForum des Vignes\u00bb bekannt ist, wird&hellip; Weiterlesen Cave de Mazembroz","og_url":"https:\/\/www.petitesarvinesfully.ch\/de\/producteurs\/cave-de-mazembroz-forum-des-vignes\/","og_site_name":"Petite Arvine","article_publisher":"https:\/\/www.facebook.com\/petitesarvinesfully","article_modified_time":"2024-01-25T16:01:38+00:00","og_image":[{"width":1086,"height":1536,"url":"https:\/\/www.petitesarvinesfully.ch\/wp-content\/uploads\/2021\/09\/petites-arvines-fully-cave-mazembroz-stephane-joel-carron.webp","type":"image\/webp"}],"twitter_card":"summary_large_image","twitter_misc":{"Gesch\u00e4tzte Lesezeit":"1\u00a0Minute"},"schema":{"@context":"https:\/\/schema.org","@graph":[{"@type":"WebPage","@id":"https:\/\/www.petitesarvinesfully.ch\/de\/producteurs\/cave-de-mazembroz-forum-des-vignes\/","url":"https:\/\/www.petitesarvinesfully.ch\/de\/producteurs\/cave-de-mazembroz-forum-des-vignes\/","name":"Cave de Mazembroz - Petite Arvine","isPartOf":{"@id":"https:\/\/www.petitesarvinesfully.ch\/de\/#website"},"primaryImageOfPage":{"@id":"https:\/\/www.petitesarvinesfully.ch\/de\/producteurs\/cave-de-mazembroz-forum-des-vignes\/#primaryimage"},"image":{"@id":"https:\/\/www.petitesarvinesfully.ch\/de\/producteurs\/cave-de-mazembroz-forum-des-vignes\/#primaryimage"},"thumbnailUrl":"https:\/\/www.petitesarvinesfully.ch\/wp-content\/uploads\/2021\/09\/petites-arvines-fully-cave-mazembroz-stephane-joel-carron.webp","datePublished":"2021-09-30T12:20:20+00:00","dateModified":"2024-01-25T16:01:38+00:00","breadcrumb":{"@id":"https:\/\/www.petitesarvinesfully.ch\/de\/producteurs\/cave-de-mazembroz-forum-des-vignes\/#breadcrumb"},"inLanguage":"de","potentialAction":[{"@type":"ReadAction","target":["https:\/\/www.petitesarvinesfully.ch\/de\/producteurs\/cave-de-mazembroz-forum-des-vignes\/"]}]},{"@type":"ImageObject","inLanguage":"de","@id":"https:\/\/www.petitesarvinesfully.ch\/de\/producteurs\/cave-de-mazembroz-forum-des-vignes\/#primaryimage","url":"https:\/\/www.petitesarvinesfully.ch\/wp-content\/uploads\/2021\/09\/petites-arvines-fully-cave-mazembroz-stephane-joel-carron.webp","contentUrl":"https:\/\/www.petitesarvinesfully.ch\/wp-content\/uploads\/2021\/09\/petites-arvines-fully-cave-mazembroz-stephane-joel-carron.webp","width":1086,"height":1536,"caption":"Petites Arvines de Fully - Cave Mazembroz - St\u00e9phane et Jo\u00ebl Carron"},{"@type":"BreadcrumbList","@id":"https:\/\/www.petitesarvinesfully.ch\/de\/producteurs\/cave-de-mazembroz-forum-des-vignes\/#breadcrumb","itemListElement":[{"@type":"ListItem","position":1,"name":"Accueil","item":"https:\/\/www.petitesarvinesfully.ch\/de\/"},{"@type":"ListItem","position":2,"name":"Cave de Mazembroz"}]},{"@type":"WebSite","@id":"https:\/\/www.petitesarvinesfully.ch\/de\/#website","url":"https:\/\/www.petitesarvinesfully.ch\/de\/","name":"Petite Arvine","description":"Just another WordPress site","publisher":{"@id":"https:\/\/www.petitesarvinesfully.ch\/de\/#organization"},"potentialAction":[{"@type":"SearchAction","target":{"@type":"EntryPoint","urlTemplate":"https:\/\/www.petitesarvinesfully.ch\/de\/?s={search_term_string}"},"query-input":{"@type":"PropertyValueSpecification","valueRequired":true,"valueName":"search_term_string"}}],"inLanguage":"de"},{"@type":"Organization","@id":"https:\/\/www.petitesarvinesfully.ch\/de\/#organization","name":"Fully Destination Petite Arvine","url":"https:\/\/www.petitesarvinesfully.ch\/de\/","logo":{"@type":"ImageObject","inLanguage":"de","@id":"https:\/\/www.petitesarvinesfully.ch\/de\/#\/schema\/logo\/image\/","url":"https:\/\/www.petitesarvinesfully.ch\/wp-content\/uploads\/2023\/12\/logo-petites-arvines-fully.png","contentUrl":"https:\/\/www.petitesarvinesfully.ch\/wp-content\/uploads\/2023\/12\/logo-petites-arvines-fully.png","width":1200,"height":1200,"caption":"Fully Destination Petite Arvine"},"image":{"@id":"https:\/\/www.petitesarvinesfully.ch\/de\/#\/schema\/logo\/image\/"},"sameAs":["https:\/\/www.facebook.com\/petitesarvinesfully","https:\/\/www.instagram.com\/petitesarvinesfully\/"]}]}},"_links":{"self":[{"href":"https:\/\/www.petitesarvinesfully.ch\/de\/wp-json\/wp\/v2\/producer\/1203","targetHints":{"allow":["GET"]}}],"collection":[{"href":"https:\/\/www.petitesarvinesfully.ch\/de\/wp-json\/wp\/v2\/producer"}],"about":[{"href":"https:\/\/www.petitesarvinesfully.ch\/de\/wp-json\/wp\/v2\/types\/producer"}],"wp:featuredmedia":[{"embeddable":true,"href":"https:\/\/www.petitesarvinesfully.ch\/de\/wp-json\/wp\/v2\/media\/2096"}],"wp:attachment":[{"href":"https:\/\/www.petitesarvinesfully.ch\/de\/wp-json\/wp\/v2\/media?parent=1203"}],"wp:term":[{"taxonomy":"producer_category","embeddable":true,"href":"https:\/\/www.petitesarvinesfully.ch\/de\/wp-json\/wp\/v2\/producer_category?post=1203"}],"curies":[{"name":"wp","href":"https:\/\/api.w.org\/{rel}","templated":true}]}}