{"id":3641,"date":"2026-02-10T16:57:04","date_gmt":"2026-02-10T15:57:04","guid":{"rendered":"https:\/\/www.petitesarvinesfully.ch\/a-propos-copy\/"},"modified":"2026-03-05T15:46:38","modified_gmt":"2026-03-05T14:46:38","slug":"a-propos-copy","status":"publish","type":"page","link":"https:\/\/www.petitesarvinesfully.ch\/de\/unsere-newsletter\/","title":{"rendered":"Unsere Newsletter"},"content":{"rendered":"<div class=\"wpb-content-wrapper\"><p>[vc_row css=&#8220;.vc_custom_1630743813984{padding-top: 80px !important;padding-bottom: 80px !important;}&#8220;][vc_column][vc_custom_heading text=&#8220;UNSERE NEWSLETTER&#8220; font_container=&#8220;tag:h1|text_align:center&#8220; use_theme_fonts=&#8220;yes&#8220; css=&#8220;&#8220; el_class=&#8220;primary-color&#8220;][\/vc_column][\/vc_row][vc_row][vc_column]    <div class=\"newsletter-archive-item\">\n        <span class=\"newsletter-archive-date\">22. M\u00e4rz 2026<\/span>\n                    <span class=\"newsletter-archive-separator\"> &mdash; <\/span>\n                            <a href=\"https:\/\/newsletter.infomaniak.com\/v3\/campaigns\/eyJpdiI6IndmVlRPM2wxRGhnaENPRDhKcWNWN1E9PSIsInZhbHVlIjoiZjJvYmVWd2s2RFRIbUN4SFkydXRnTnRUN2dBSHFCb0NseGxxSzBveEU3cz0iLCJtYWMiOiI0MjI3YmQ1MDEwMzc3YjQwM2NlMjZhNWM0MmFmYjIwMWU0MGNkMGJkMzc4OTc1YTNlY2E1NmZiMzZjNjc0OTliIiwidGFnIjoiIn0=\/archive\" class=\"newsletter-archive-link\" target=\"_blank\" rel=\"noopener noreferrer\">Expovina Primavera - Masterclass mit Marc Almert<\/a>\n                        <\/div>\n        <div class=\"newsletter-archive-item\">\n        <span class=\"newsletter-archive-date\">22. Jan. 2026<\/span>\n                    <span class=\"newsletter-archive-separator\"> &mdash; <\/span>\n                            <a href=\"https:\/\/newsletter.infomaniak.com\/v3\/campaigns\/1673079\/preview?signature=197d2b1e001c5be1d32e52a42bbfd06a92a0cb25f9efce7e7fdbe213caf7d32f\" class=\"newsletter-archive-link\" target=\"_blank\" rel=\"noopener noreferrer\">Neuigkeiten aus dem Weinberg von Fully<\/a>\n                        <\/div>\n        <div class=\"newsletter-archive-item\">\n        <span class=\"newsletter-archive-date\">30. Sep. 2025<\/span>\n                    <span class=\"newsletter-archive-separator\"> &mdash; <\/span>\n                            <a href=\"https:\/\/newsletter.infomaniak.com\/v3\/campaigns\/970394\/preview?signature=8103b7ed74cddec69e31d2db0fd14e531186343fc07799081c920a593019bde0\" class=\"newsletter-archive-link\" target=\"_blank\" rel=\"noopener noreferrer\">Neue Anl\u00e4sse, neue Emotionen!<\/a>\n                        <\/div>\n        <div class=\"newsletter-archive-item\">\n        <span class=\"newsletter-archive-date\">14. Juni 2025<\/span>\n                    <span class=\"newsletter-archive-separator\"> &mdash; <\/span>\n                            <a href=\"https:\/\/newsletter.infomaniak.com\/v3\/campaigns\/880322\/preview?signature=4f869ea6b7833be46c5f0bf17962a72a8a323f982df800b4054e5a83c6b9fa14\" class=\"newsletter-archive-link\" target=\"_blank\" rel=\"noopener noreferrer\">HEUTE! Er\u00f6ffnung der Maison de la Petite Arvine de Fully !<\/a>\n                        <\/div>\n        <div class=\"newsletter-archive-item\">\n        <span class=\"newsletter-archive-date\">16. M\u00e4rz 2025<\/span>\n                    <span class=\"newsletter-archive-separator\"> &mdash; <\/span>\n                            <a href=\"https:\/\/newsletter.infomaniak.com\/v3\/campaigns\/799158\/preview?signature=cb261d9187bc7341abfea2cc1667c477d30274fea691ed611b83be941f3ac1eb\" class=\"newsletter-archive-link\" target=\"_blank\" rel=\"noopener noreferrer\">Les Petites Arvines de Fully sind am 24.M\u00e4rz in Z\u00fcrich<\/a>\n                        <\/div>\n        <div class=\"newsletter-archive-item\">\n        <span class=\"newsletter-archive-date\">16. Feb. 2025<\/span>\n                    <span class=\"newsletter-archive-separator\"> &mdash; <\/span>\n                            <a href=\"https:\/\/newsletter.infomaniak.com\/v3\/campaigns\/784786\/preview?signature=02a86159d97376af0732d9af0bfdf1c974280c3a6c0181dbe324b308a3789e84\" class=\"newsletter-archive-link\" target=\"_blank\" rel=\"noopener noreferrer\">Les Petites Arvines de Fully in Z\u00fcrich<\/a>\n                        <\/div>\n        <div class=\"newsletter-archive-item\">\n        <span class=\"newsletter-archive-date\">23. Dez. 2024<\/span>\n                    <span class=\"newsletter-archive-separator\"> &mdash; <\/span>\n                            <a href=\"https:\/\/newsletter.infomaniak.com\/v3\/campaigns\/761503\/preview?signature=d9fd86db5d25dacc2abb486bb172dc105fc542dcb6a9394de9d60bf89826a3c9\" class=\"newsletter-archive-link\" target=\"_blank\" rel=\"noopener noreferrer\">Frohe Festtage!<\/a>\n                        <\/div>\n        <div class=\"newsletter-archive-item\">\n        <span class=\"newsletter-archive-date\">29. Okt. 2024<\/span>\n                    <span class=\"newsletter-archive-separator\"> &mdash; <\/span>\n                            <a href=\"https:\/\/newsletter.infomaniak.com\/v3\/campaigns\/732850\/preview?signature=9c107f739690de77ac26c287390cecf10071c205f791a3467aee4624c8cc2af7\" class=\"newsletter-archive-link\" target=\"_blank\" rel=\"noopener noreferrer\">Nach der Weinlese\u2026<\/a>\n                        <\/div>\n        <div class=\"newsletter-archive-item\">\n        <span class=\"newsletter-archive-date\">2. Sep. 2024<\/span>\n                    <span class=\"newsletter-archive-separator\"> &mdash; <\/span>\n                            <a href=\"https:\/\/newsletter.infomaniak.com\/v3\/campaigns\/702182\/preview?signature=3d86c16a652dfdebb54ceeef0e9c92b1f70f17ac47639c4f164b5d93fcc82cdb\" class=\"newsletter-archive-link\" target=\"_blank\" rel=\"noopener noreferrer\">Der Weinberg in voller Reife!<\/a>\n                        <\/div>\n    [\/vc_column][\/vc_row]<\/p>\n<\/div>","protected":false},"excerpt":{"rendered":"<p>[vc_row css=&#8220;.vc_custom_1630743813984{padding-top: 80px !important;padding-bottom: 80px !important;}&#8220;][vc_column][vc_custom_heading text=&#8220;UNSERE NEWSLETTER&#8220; font_container=&#8220;tag:h1|text_align:center&#8220; use_theme_fonts=&#8220;yes&#8220; css=&#8220;&#8220; el_class=&#8220;primary-color&#8220;][\/vc_column][\/vc_row][vc_row][vc_column][\/vc_column][\/vc_row]<\/p>\n","protected":false},"author":2,"featured_media":0,"parent":0,"menu_order":0,"comment_status":"closed","ping_status":"closed","template":"","meta":{"_acf_changed":false,"inline_featured_image":false,"footnotes":""},"class_list":["post-3641","page","type-page","status-publish","hentry"],"acf":[],"yoast_head":"<!-- This site is optimized with the Yoast SEO plugin v27.4 - https:\/\/yoast.com\/product\/yoast-seo-wordpress\/ -->\n<title>La Petite Arvine de Fully : c\u00e9page et projet de d\u00e9veloppement r\u00e9gional<\/title>\n<meta name=\"description\" content=\"Fully est le berceau de la Petite Arvine. Le sol cristallin, terrain de jeu de nombreux artisans, conf\u00e8re au vin un go\u00fbt unique. D\u00e9couvrez notre terroir et venez d\u00e9guster nos sp\u00e9cialit\u00e9s.\" \/>\n<meta name=\"robots\" content=\"index, follow, max-snippet:-1, max-image-preview:large, max-video-preview:-1\" \/>\n<link rel=\"canonical\" href=\"https:\/\/www.petitesarvinesfully.ch\/de\/unsere-newsletter\/\" \/>\n<meta property=\"og:locale\" content=\"de_DE\" \/>\n<meta property=\"og:type\" content=\"article\" \/>\n<meta property=\"og:title\" content=\"La Petite Arvine de Fully : c\u00e9page et projet de d\u00e9veloppement r\u00e9gional\" \/>\n<meta property=\"og:description\" content=\"Fully est le berceau de la Petite Arvine. Le sol cristallin, terrain de jeu de nombreux artisans, conf\u00e8re au vin un go\u00fbt unique. D\u00e9couvrez notre terroir et venez d\u00e9guster nos sp\u00e9cialit\u00e9s.\" \/>\n<meta property=\"og:url\" content=\"https:\/\/www.petitesarvinesfully.ch\/de\/unsere-newsletter\/\" \/>\n<meta property=\"og:site_name\" content=\"Petite Arvine\" \/>\n<meta property=\"article:publisher\" content=\"https:\/\/www.facebook.com\/petitesarvinesfully\" \/>\n<meta property=\"article:modified_time\" content=\"2026-03-05T14:46:38+00:00\" \/>\n<meta name=\"twitter:card\" content=\"summary_large_image\" \/>\n<meta name=\"twitter:label1\" content=\"Gesch\u00e4tzte Lesezeit\" \/>\n\t<meta name=\"twitter:data1\" content=\"1\u00a0Minute\" \/>\n<script type=\"application\/ld+json\" class=\"yoast-schema-graph\">{\"@context\":\"https:\\\/\\\/schema.org\",\"@graph\":[{\"@type\":\"WebPage\",\"@id\":\"https:\\\/\\\/www.petitesarvinesfully.ch\\\/de\\\/unsere-newsletter\\\/\",\"url\":\"https:\\\/\\\/www.petitesarvinesfully.ch\\\/de\\\/unsere-newsletter\\\/\",\"name\":\"La Petite Arvine de Fully : c\u00e9page et projet de d\u00e9veloppement r\u00e9gional\",\"isPartOf\":{\"@id\":\"https:\\\/\\\/www.petitesarvinesfully.ch\\\/de\\\/#website\"},\"datePublished\":\"2026-02-10T15:57:04+00:00\",\"dateModified\":\"2026-03-05T14:46:38+00:00\",\"description\":\"Fully est le berceau de la Petite Arvine. Le sol cristallin, terrain de jeu de nombreux artisans, conf\u00e8re au vin un go\u00fbt unique. D\u00e9couvrez notre terroir et venez d\u00e9guster nos sp\u00e9cialit\u00e9s.\",\"breadcrumb\":{\"@id\":\"https:\\\/\\\/www.petitesarvinesfully.ch\\\/de\\\/unsere-newsletter\\\/#breadcrumb\"},\"inLanguage\":\"de\",\"potentialAction\":[{\"@type\":\"ReadAction\",\"target\":[\"https:\\\/\\\/www.petitesarvinesfully.ch\\\/de\\\/unsere-newsletter\\\/\"]}]},{\"@type\":\"BreadcrumbList\",\"@id\":\"https:\\\/\\\/www.petitesarvinesfully.ch\\\/de\\\/unsere-newsletter\\\/#breadcrumb\",\"itemListElement\":[{\"@type\":\"ListItem\",\"position\":1,\"name\":\"Accueil\",\"item\":\"https:\\\/\\\/www.petitesarvinesfully.ch\\\/de\\\/\"},{\"@type\":\"ListItem\",\"position\":2,\"name\":\"Unsere Newsletter\"}]},{\"@type\":\"WebSite\",\"@id\":\"https:\\\/\\\/www.petitesarvinesfully.ch\\\/de\\\/#website\",\"url\":\"https:\\\/\\\/www.petitesarvinesfully.ch\\\/de\\\/\",\"name\":\"Petite Arvine\",\"description\":\"Just another WordPress site\",\"publisher\":{\"@id\":\"https:\\\/\\\/www.petitesarvinesfully.ch\\\/de\\\/#organization\"},\"potentialAction\":[{\"@type\":\"SearchAction\",\"target\":{\"@type\":\"EntryPoint\",\"urlTemplate\":\"https:\\\/\\\/www.petitesarvinesfully.ch\\\/de\\\/?s={search_term_string}\"},\"query-input\":{\"@type\":\"PropertyValueSpecification\",\"valueRequired\":true,\"valueName\":\"search_term_string\"}}],\"inLanguage\":\"de\"},{\"@type\":\"Organization\",\"@id\":\"https:\\\/\\\/www.petitesarvinesfully.ch\\\/de\\\/#organization\",\"name\":\"Fully Destination Petite Arvine\",\"url\":\"https:\\\/\\\/www.petitesarvinesfully.ch\\\/de\\\/\",\"logo\":{\"@type\":\"ImageObject\",\"inLanguage\":\"de\",\"@id\":\"https:\\\/\\\/www.petitesarvinesfully.ch\\\/de\\\/#\\\/schema\\\/logo\\\/image\\\/\",\"url\":\"https:\\\/\\\/www.petitesarvinesfully.ch\\\/wp-content\\\/uploads\\\/2023\\\/12\\\/logo-petites-arvines-fully.png\",\"contentUrl\":\"https:\\\/\\\/www.petitesarvinesfully.ch\\\/wp-content\\\/uploads\\\/2023\\\/12\\\/logo-petites-arvines-fully.png\",\"width\":1200,\"height\":1200,\"caption\":\"Fully Destination Petite Arvine\"},\"image\":{\"@id\":\"https:\\\/\\\/www.petitesarvinesfully.ch\\\/de\\\/#\\\/schema\\\/logo\\\/image\\\/\"},\"sameAs\":[\"https:\\\/\\\/www.facebook.com\\\/petitesarvinesfully\",\"https:\\\/\\\/www.instagram.com\\\/petitesarvinesfully\\\/\"]}]}<\/script>\n<!-- \/ Yoast SEO plugin. -->","yoast_head_json":{"title":"La Petite Arvine de Fully : c\u00e9page et projet de d\u00e9veloppement r\u00e9gional","description":"Fully est le berceau de la Petite Arvine. Le sol cristallin, terrain de jeu de nombreux artisans, conf\u00e8re au vin un go\u00fbt unique. D\u00e9couvrez notre terroir et venez d\u00e9guster nos sp\u00e9cialit\u00e9s.","robots":{"index":"index","follow":"follow","max-snippet":"max-snippet:-1","max-image-preview":"max-image-preview:large","max-video-preview":"max-video-preview:-1"},"canonical":"https:\/\/www.petitesarvinesfully.ch\/de\/unsere-newsletter\/","og_locale":"de_DE","og_type":"article","og_title":"La Petite Arvine de Fully : c\u00e9page et projet de d\u00e9veloppement r\u00e9gional","og_description":"Fully est le berceau de la Petite Arvine. Le sol cristallin, terrain de jeu de nombreux artisans, conf\u00e8re au vin un go\u00fbt unique. D\u00e9couvrez notre terroir et venez d\u00e9guster nos sp\u00e9cialit\u00e9s.","og_url":"https:\/\/www.petitesarvinesfully.ch\/de\/unsere-newsletter\/","og_site_name":"Petite Arvine","article_publisher":"https:\/\/www.facebook.com\/petitesarvinesfully","article_modified_time":"2026-03-05T14:46:38+00:00","twitter_card":"summary_large_image","twitter_misc":{"Gesch\u00e4tzte Lesezeit":"1\u00a0Minute"},"schema":{"@context":"https:\/\/schema.org","@graph":[{"@type":"WebPage","@id":"https:\/\/www.petitesarvinesfully.ch\/de\/unsere-newsletter\/","url":"https:\/\/www.petitesarvinesfully.ch\/de\/unsere-newsletter\/","name":"La Petite Arvine de Fully : c\u00e9page et projet de d\u00e9veloppement r\u00e9gional","isPartOf":{"@id":"https:\/\/www.petitesarvinesfully.ch\/de\/#website"},"datePublished":"2026-02-10T15:57:04+00:00","dateModified":"2026-03-05T14:46:38+00:00","description":"Fully est le berceau de la Petite Arvine. Le sol cristallin, terrain de jeu de nombreux artisans, conf\u00e8re au vin un go\u00fbt unique. D\u00e9couvrez notre terroir et venez d\u00e9guster nos sp\u00e9cialit\u00e9s.","breadcrumb":{"@id":"https:\/\/www.petitesarvinesfully.ch\/de\/unsere-newsletter\/#breadcrumb"},"inLanguage":"de","potentialAction":[{"@type":"ReadAction","target":["https:\/\/www.petitesarvinesfully.ch\/de\/unsere-newsletter\/"]}]},{"@type":"BreadcrumbList","@id":"https:\/\/www.petitesarvinesfully.ch\/de\/unsere-newsletter\/#breadcrumb","itemListElement":[{"@type":"ListItem","position":1,"name":"Accueil","item":"https:\/\/www.petitesarvinesfully.ch\/de\/"},{"@type":"ListItem","position":2,"name":"Unsere Newsletter"}]},{"@type":"WebSite","@id":"https:\/\/www.petitesarvinesfully.ch\/de\/#website","url":"https:\/\/www.petitesarvinesfully.ch\/de\/","name":"Petite Arvine","description":"Just another WordPress site","publisher":{"@id":"https:\/\/www.petitesarvinesfully.ch\/de\/#organization"},"potentialAction":[{"@type":"SearchAction","target":{"@type":"EntryPoint","urlTemplate":"https:\/\/www.petitesarvinesfully.ch\/de\/?s={search_term_string}"},"query-input":{"@type":"PropertyValueSpecification","valueRequired":true,"valueName":"search_term_string"}}],"inLanguage":"de"},{"@type":"Organization","@id":"https:\/\/www.petitesarvinesfully.ch\/de\/#organization","name":"Fully Destination Petite Arvine","url":"https:\/\/www.petitesarvinesfully.ch\/de\/","logo":{"@type":"ImageObject","inLanguage":"de","@id":"https:\/\/www.petitesarvinesfully.ch\/de\/#\/schema\/logo\/image\/","url":"https:\/\/www.petitesarvinesfully.ch\/wp-content\/uploads\/2023\/12\/logo-petites-arvines-fully.png","contentUrl":"https:\/\/www.petitesarvinesfully.ch\/wp-content\/uploads\/2023\/12\/logo-petites-arvines-fully.png","width":1200,"height":1200,"caption":"Fully Destination Petite Arvine"},"image":{"@id":"https:\/\/www.petitesarvinesfully.ch\/de\/#\/schema\/logo\/image\/"},"sameAs":["https:\/\/www.facebook.com\/petitesarvinesfully","https:\/\/www.instagram.com\/petitesarvinesfully\/"]}]}},"_links":{"self":[{"href":"https:\/\/www.petitesarvinesfully.ch\/de\/wp-json\/wp\/v2\/pages\/3641","targetHints":{"allow":["GET"]}}],"collection":[{"href":"https:\/\/www.petitesarvinesfully.ch\/de\/wp-json\/wp\/v2\/pages"}],"about":[{"href":"https:\/\/www.petitesarvinesfully.ch\/de\/wp-json\/wp\/v2\/types\/page"}],"author":[{"embeddable":true,"href":"https:\/\/www.petitesarvinesfully.ch\/de\/wp-json\/wp\/v2\/users\/2"}],"replies":[{"embeddable":true,"href":"https:\/\/www.petitesarvinesfully.ch\/de\/wp-json\/wp\/v2\/comments?post=3641"}],"version-history":[{"count":4,"href":"https:\/\/www.petitesarvinesfully.ch\/de\/wp-json\/wp\/v2\/pages\/3641\/revisions"}],"predecessor-version":[{"id":3673,"href":"https:\/\/www.petitesarvinesfully.ch\/de\/wp-json\/wp\/v2\/pages\/3641\/revisions\/3673"}],"wp:attachment":[{"href":"https:\/\/www.petitesarvinesfully.ch\/de\/wp-json\/wp\/v2\/media?parent=3641"}],"curies":[{"name":"wp","href":"https:\/\/api.w.org\/{rel}","templated":true}]}}