{"id":1160,"date":"2021-08-14T02:37:37","date_gmt":"2021-08-14T02:37:37","guid":{"rendered":"https:\/\/www.petitesarvinesfully.ch\/a-propos\/"},"modified":"2025-05-20T06:53:18","modified_gmt":"2025-05-20T04:53:18","slug":"ueber-uns","status":"publish","type":"page","link":"https:\/\/www.petitesarvinesfully.ch\/de\/ueber-uns\/","title":{"rendered":"\u00dcBER UNS"},"content":{"rendered":"<div class=\"wpb-content-wrapper\"><p>[vc_row css=&#8220;.vc_custom_1630743813984{padding-top: 80px !important;padding-bottom: 80px !important;}&#8220;][vc_column][vc_custom_heading text=&#8220;FULLY DESTINATION PETITE ARVINE<br \/>\nDAS ERSTE WALLISER PRE IM<br \/>\nBEREICH REBBAU&#8220; font_container=&#8220;tag:h1|text_align:center&#8220; use_theme_fonts=&#8220;yes&#8220; el_class=&#8220;primary-color&#8220;][\/vc_column][\/vc_row][vc_row][vc_column][zo_fancybox_single icon_type=&#8220;upload&#8220; image=&#8220;1397&#8243; zo_template=&#8220;zo_fancybox_single&#8211;icon.php&#8220;][vc_video link=&#8220;https:\/\/vimeo.com\/781109277&#8243; css=&#8220;.vc_custom_1671027429631{padding-top: 30px !important;}&#8220; el_class=&#8220;petite-max800&#8243;][vc_column_text css=&#8220;.vc_custom_1747716795166{padding-top: 30px !important;padding-bottom: 80px !important;}&#8220; el_class=&#8220;petite-max800&#8243;]Im 1996 gegr\u00fcndeten Verein \u00ab Fully Grand Cru\u00bb schliessen sich 23 selbstkelternde Winzer zusammen. Im Jahre 2011 unterzeichnen diese Mitglieder eine Qualit\u00e4ts-Charta, in welcher sie sich auf die Einhaltung hoher Anforderungen verpflichten, um die Exzellenz des Petite Arvine zu gew\u00e4hrleisten: 100 % Petite Arvine, 100 % Fully. 2016: <em>\u00abFully Grand Cru\u00bb<\/em>, mittlerweile ein dynamischer und innovativer Verein, b\u00fcndelt die Energien im Kreise seiner Mitglieder mit dem Ziel, den Petite Arvine zu einem grossen Wein zu machen: Auf Initiative des Vereins \u00abFully Grand Cru\u00bb entsteht 2018 das Projekt zur regionalen Entwicklung (PRE) Fully Destination Petite Arvine\u00bb, welches im Jahre 2020 vom Bundesamt f\u00fcr Landwirtschaft (BWL) sowie vom Amt f\u00fcr Strukturverbesserung und der Dienstelle f\u00fcr Landwirtschaft des Kantons Wallis anerkannt wird. Im Oktober 2020 wird der beantragte Projektkredit vom Walliser Staatsrat einstimmig genehmigt.<\/p>\n<p>Die Projekte zur regionalen Entwicklung, welche von der Eidgenossenschaft, vom Kanton Wallis und den Gemeinden finanziert werden, verfolgen das Ziel, die lokale Landwirtschaft aufzuwerten, die branchen\u00fcbergreifende Zusammenarbeit (Landwirtschaft, Handwerk, Tourismus) zu intensivieren sowie Projekte umzusetzen, die von allgemeinem Interesse sind (Umweltschutz, Soziales, Kultur).<\/p>\n<p><em>Fully Destination Petite Arvine<\/em>, im Wallis das erste PRE im Talgrund und im Zusammenhang mit Rebbau, umfasst 17 Teilprojekte. Dazu geh\u00f6ren: der Bau des \u00abMaison de la Petite Arvine\u00bb, die Einrichtung neuer Weinkeller und eines K\u00e4sekellers aber auch die Erhaltung und die Wiederbewohnung der Pf\u00f6rtnerh\u00e4uschen. Dieses Projekt ist Bestandteil der Vier-Jahreszeiten-Strategie von Wallis Tourismus.<\/p>\n<p>Die Gesamtinvestitionen f\u00fcr die Realisierung des Projektes Fully Destination Petite Arvine belaufen sich f\u00fcr den Zeitraum 2020-2026 auf 26,9 Mio. CHF. Der vom Grossen Rat des Kantons Wallis bewilligte Rahmenkredit betr\u00e4gt 4,2 Mio CHF, die Eidgenossenschaft investiert fast 5 Mio. CHF, die Gemeinde steuert 1 Mio. CHF dazu bei und der Rest wird \u00fcber (teils zinslose) Kredite finanziert.[\/vc_column_text][\/vc_column][\/vc_row][vc_row css=&#8220;.vc_custom_1630728588735{padding-top: 80px !important;padding-bottom: 80px !important;}&#8220;][vc_column][vc_row_inner css=&#8220;.vc_custom_1630728603441{margin-bottom: 10px !important;}&#8220;][vc_column_inner][zo_heading class=&#8220;petite-center&#8220; text=&#8220;WEITERE LINKS&#8220; align=&#8220;center&#8220; zo_template=&#8220;zo_heading.php&#8220;][\/vc_column_inner][\/vc_row_inner][vc_row_inner][vc_column_inner width=&#8220;1\/3&#8243;][zo_fancybox_single icon_type=&#8220;upload&#8220; title_item=&#8220;DAS TERROIR&#8220; title_align=&#8220;center&#8220; link_icon=&#8220;yes&#8220; link_title=&#8220;yes&#8220; image=&#8220;941&#8243; link=&#8220;url:%2Fde%2Fdas-terroir%2F&#8220; zo_template=&#8220;zo_fancybox_single&#8211;lien.php&#8220;][\/vc_column_inner][vc_column_inner width=&#8220;1\/3&#8243;][zo_fancybox_single icon_type=&#8220;upload&#8220; title_item=&#8220;REBSORTE&#8220; title_align=&#8220;center&#8220; link_icon=&#8220;yes&#8220; link_title=&#8220;yes&#8220; image=&#8220;412&#8243; link=&#8220;url:%2Fde%2Fdie-petites-arvines%2F&#8220; zo_template=&#8220;zo_fancybox_single&#8211;lien.php&#8220;][\/vc_column_inner][vc_column_inner width=&#8220;1\/3&#8243;][zo_fancybox_single icon_type=&#8220;upload&#8220; title_item=&#8220;DIE PRODUZENTEN&#8220; title_align=&#8220;center&#8220; link_icon=&#8220;yes&#8220; link_title=&#8220;yes&#8220; image=&#8220;408&#8243; link=&#8220;url:%2Fde%2Fdie-produzenten%2F|target:_blank&#8220; zo_template=&#8220;zo_fancybox_single&#8211;lien.php&#8220;][\/vc_column_inner][\/vc_row_inner][\/vc_column][\/vc_row]<\/p>\n<\/div>","protected":false},"excerpt":{"rendered":"<p>[vc_row css=&#8220;.vc_custom_1630743813984{padding-top: 80px !important;padding-bottom: 80px !important;}&#8220;][vc_column][vc_custom_heading text=&#8220;FULLY DESTINATION PETITE ARVINE DAS ERSTE WALLISER PRE IM BEREICH REBBAU&#8220; font_container=&#8220;tag:h1|text_align:center&#8220; use_theme_fonts=&#8220;yes&#8220; el_class=&#8220;primary-color&#8220;][\/vc_column][\/vc_row][vc_row][vc_column][zo_fancybox_single&hellip; <a class=\"read-more\" href=\"https:\/\/www.petitesarvinesfully.ch\/de\/ueber-uns\/\">Weiterlesen <span class=\"screen-reader-text\">\u00dcBER UNS<\/span><\/a><\/p>\n","protected":false},"author":2,"featured_media":0,"parent":0,"menu_order":0,"comment_status":"closed","ping_status":"closed","template":"","meta":{"_acf_changed":false,"inline_featured_image":false,"footnotes":""},"class_list":["post-1160","page","type-page","status-publish","hentry"],"acf":[],"yoast_head":"<!-- This site is optimized with the Yoast SEO plugin v27.5 - https:\/\/yoast.com\/product\/yoast-seo-wordpress\/ -->\n<title>La Petite Arvine de Fully : c\u00e9page et projet de d\u00e9veloppement r\u00e9gional<\/title>\n<meta name=\"description\" content=\"Fully est le berceau de la Petite Arvine. Le sol cristallin, terrain de jeu de nombreux artisans, conf\u00e8re au vin un go\u00fbt unique. D\u00e9couvrez notre terroir et venez d\u00e9guster nos sp\u00e9cialit\u00e9s.\" \/>\n<meta name=\"robots\" content=\"index, follow, max-snippet:-1, max-image-preview:large, max-video-preview:-1\" \/>\n<link rel=\"canonical\" href=\"https:\/\/www.petitesarvinesfully.ch\/de\/ueber-uns\/\" \/>\n<meta property=\"og:locale\" content=\"de_DE\" \/>\n<meta property=\"og:type\" content=\"article\" \/>\n<meta property=\"og:title\" content=\"La Petite Arvine de Fully : c\u00e9page et projet de d\u00e9veloppement r\u00e9gional\" \/>\n<meta property=\"og:description\" content=\"Fully est le berceau de la Petite Arvine. Le sol cristallin, terrain de jeu de nombreux artisans, conf\u00e8re au vin un go\u00fbt unique. D\u00e9couvrez notre terroir et venez d\u00e9guster nos sp\u00e9cialit\u00e9s.\" \/>\n<meta property=\"og:url\" content=\"https:\/\/www.petitesarvinesfully.ch\/de\/ueber-uns\/\" \/>\n<meta property=\"og:site_name\" content=\"Petite Arvine\" \/>\n<meta property=\"article:publisher\" content=\"https:\/\/www.facebook.com\/petitesarvinesfully\" \/>\n<meta property=\"article:modified_time\" content=\"2025-05-20T04:53:18+00:00\" \/>\n<meta name=\"twitter:card\" content=\"summary_large_image\" \/>\n<meta name=\"twitter:label1\" content=\"Gesch\u00e4tzte Lesezeit\" \/>\n\t<meta name=\"twitter:data1\" content=\"3\u00a0Minuten\" \/>\n<script type=\"application\/ld+json\" class=\"yoast-schema-graph\">{\"@context\":\"https:\\\/\\\/schema.org\",\"@graph\":[{\"@type\":\"WebPage\",\"@id\":\"https:\\\/\\\/www.petitesarvinesfully.ch\\\/de\\\/ueber-uns\\\/\",\"url\":\"https:\\\/\\\/www.petitesarvinesfully.ch\\\/de\\\/ueber-uns\\\/\",\"name\":\"La Petite Arvine de Fully : c\u00e9page et projet de d\u00e9veloppement r\u00e9gional\",\"isPartOf\":{\"@id\":\"https:\\\/\\\/www.petitesarvinesfully.ch\\\/de\\\/#website\"},\"datePublished\":\"2021-08-14T02:37:37+00:00\",\"dateModified\":\"2025-05-20T04:53:18+00:00\",\"description\":\"Fully est le berceau de la Petite Arvine. Le sol cristallin, terrain de jeu de nombreux artisans, conf\u00e8re au vin un go\u00fbt unique. D\u00e9couvrez notre terroir et venez d\u00e9guster nos sp\u00e9cialit\u00e9s.\",\"breadcrumb\":{\"@id\":\"https:\\\/\\\/www.petitesarvinesfully.ch\\\/de\\\/ueber-uns\\\/#breadcrumb\"},\"inLanguage\":\"de\",\"potentialAction\":[{\"@type\":\"ReadAction\",\"target\":[\"https:\\\/\\\/www.petitesarvinesfully.ch\\\/de\\\/ueber-uns\\\/\"]}]},{\"@type\":\"BreadcrumbList\",\"@id\":\"https:\\\/\\\/www.petitesarvinesfully.ch\\\/de\\\/ueber-uns\\\/#breadcrumb\",\"itemListElement\":[{\"@type\":\"ListItem\",\"position\":1,\"name\":\"Accueil\",\"item\":\"https:\\\/\\\/www.petitesarvinesfully.ch\\\/de\\\/\"},{\"@type\":\"ListItem\",\"position\":2,\"name\":\"\u00dcBER UNS\"}]},{\"@type\":\"WebSite\",\"@id\":\"https:\\\/\\\/www.petitesarvinesfully.ch\\\/de\\\/#website\",\"url\":\"https:\\\/\\\/www.petitesarvinesfully.ch\\\/de\\\/\",\"name\":\"Petite Arvine\",\"description\":\"Just another WordPress site\",\"publisher\":{\"@id\":\"https:\\\/\\\/www.petitesarvinesfully.ch\\\/de\\\/#organization\"},\"potentialAction\":[{\"@type\":\"SearchAction\",\"target\":{\"@type\":\"EntryPoint\",\"urlTemplate\":\"https:\\\/\\\/www.petitesarvinesfully.ch\\\/de\\\/?s={search_term_string}\"},\"query-input\":{\"@type\":\"PropertyValueSpecification\",\"valueRequired\":true,\"valueName\":\"search_term_string\"}}],\"inLanguage\":\"de\"},{\"@type\":\"Organization\",\"@id\":\"https:\\\/\\\/www.petitesarvinesfully.ch\\\/de\\\/#organization\",\"name\":\"Fully Destination Petite Arvine\",\"url\":\"https:\\\/\\\/www.petitesarvinesfully.ch\\\/de\\\/\",\"logo\":{\"@type\":\"ImageObject\",\"inLanguage\":\"de\",\"@id\":\"https:\\\/\\\/www.petitesarvinesfully.ch\\\/de\\\/#\\\/schema\\\/logo\\\/image\\\/\",\"url\":\"https:\\\/\\\/www.petitesarvinesfully.ch\\\/wp-content\\\/uploads\\\/2023\\\/12\\\/logo-petites-arvines-fully.png\",\"contentUrl\":\"https:\\\/\\\/www.petitesarvinesfully.ch\\\/wp-content\\\/uploads\\\/2023\\\/12\\\/logo-petites-arvines-fully.png\",\"width\":1200,\"height\":1200,\"caption\":\"Fully Destination Petite Arvine\"},\"image\":{\"@id\":\"https:\\\/\\\/www.petitesarvinesfully.ch\\\/de\\\/#\\\/schema\\\/logo\\\/image\\\/\"},\"sameAs\":[\"https:\\\/\\\/www.facebook.com\\\/petitesarvinesfully\",\"https:\\\/\\\/www.instagram.com\\\/petitesarvinesfully\\\/\"]}]}<\/script>\n<!-- \/ Yoast SEO plugin. -->","yoast_head_json":{"title":"La Petite Arvine de Fully : c\u00e9page et projet de d\u00e9veloppement r\u00e9gional","description":"Fully est le berceau de la Petite Arvine. Le sol cristallin, terrain de jeu de nombreux artisans, conf\u00e8re au vin un go\u00fbt unique. D\u00e9couvrez notre terroir et venez d\u00e9guster nos sp\u00e9cialit\u00e9s.","robots":{"index":"index","follow":"follow","max-snippet":"max-snippet:-1","max-image-preview":"max-image-preview:large","max-video-preview":"max-video-preview:-1"},"canonical":"https:\/\/www.petitesarvinesfully.ch\/de\/ueber-uns\/","og_locale":"de_DE","og_type":"article","og_title":"La Petite Arvine de Fully : c\u00e9page et projet de d\u00e9veloppement r\u00e9gional","og_description":"Fully est le berceau de la Petite Arvine. Le sol cristallin, terrain de jeu de nombreux artisans, conf\u00e8re au vin un go\u00fbt unique. D\u00e9couvrez notre terroir et venez d\u00e9guster nos sp\u00e9cialit\u00e9s.","og_url":"https:\/\/www.petitesarvinesfully.ch\/de\/ueber-uns\/","og_site_name":"Petite Arvine","article_publisher":"https:\/\/www.facebook.com\/petitesarvinesfully","article_modified_time":"2025-05-20T04:53:18+00:00","twitter_card":"summary_large_image","twitter_misc":{"Gesch\u00e4tzte Lesezeit":"3\u00a0Minuten"},"schema":{"@context":"https:\/\/schema.org","@graph":[{"@type":"WebPage","@id":"https:\/\/www.petitesarvinesfully.ch\/de\/ueber-uns\/","url":"https:\/\/www.petitesarvinesfully.ch\/de\/ueber-uns\/","name":"La Petite Arvine de Fully : c\u00e9page et projet de d\u00e9veloppement r\u00e9gional","isPartOf":{"@id":"https:\/\/www.petitesarvinesfully.ch\/de\/#website"},"datePublished":"2021-08-14T02:37:37+00:00","dateModified":"2025-05-20T04:53:18+00:00","description":"Fully est le berceau de la Petite Arvine. Le sol cristallin, terrain de jeu de nombreux artisans, conf\u00e8re au vin un go\u00fbt unique. D\u00e9couvrez notre terroir et venez d\u00e9guster nos sp\u00e9cialit\u00e9s.","breadcrumb":{"@id":"https:\/\/www.petitesarvinesfully.ch\/de\/ueber-uns\/#breadcrumb"},"inLanguage":"de","potentialAction":[{"@type":"ReadAction","target":["https:\/\/www.petitesarvinesfully.ch\/de\/ueber-uns\/"]}]},{"@type":"BreadcrumbList","@id":"https:\/\/www.petitesarvinesfully.ch\/de\/ueber-uns\/#breadcrumb","itemListElement":[{"@type":"ListItem","position":1,"name":"Accueil","item":"https:\/\/www.petitesarvinesfully.ch\/de\/"},{"@type":"ListItem","position":2,"name":"\u00dcBER UNS"}]},{"@type":"WebSite","@id":"https:\/\/www.petitesarvinesfully.ch\/de\/#website","url":"https:\/\/www.petitesarvinesfully.ch\/de\/","name":"Petite Arvine","description":"Just another WordPress site","publisher":{"@id":"https:\/\/www.petitesarvinesfully.ch\/de\/#organization"},"potentialAction":[{"@type":"SearchAction","target":{"@type":"EntryPoint","urlTemplate":"https:\/\/www.petitesarvinesfully.ch\/de\/?s={search_term_string}"},"query-input":{"@type":"PropertyValueSpecification","valueRequired":true,"valueName":"search_term_string"}}],"inLanguage":"de"},{"@type":"Organization","@id":"https:\/\/www.petitesarvinesfully.ch\/de\/#organization","name":"Fully Destination Petite Arvine","url":"https:\/\/www.petitesarvinesfully.ch\/de\/","logo":{"@type":"ImageObject","inLanguage":"de","@id":"https:\/\/www.petitesarvinesfully.ch\/de\/#\/schema\/logo\/image\/","url":"https:\/\/www.petitesarvinesfully.ch\/wp-content\/uploads\/2023\/12\/logo-petites-arvines-fully.png","contentUrl":"https:\/\/www.petitesarvinesfully.ch\/wp-content\/uploads\/2023\/12\/logo-petites-arvines-fully.png","width":1200,"height":1200,"caption":"Fully Destination Petite Arvine"},"image":{"@id":"https:\/\/www.petitesarvinesfully.ch\/de\/#\/schema\/logo\/image\/"},"sameAs":["https:\/\/www.facebook.com\/petitesarvinesfully","https:\/\/www.instagram.com\/petitesarvinesfully\/"]}]}},"_links":{"self":[{"href":"https:\/\/www.petitesarvinesfully.ch\/de\/wp-json\/wp\/v2\/pages\/1160","targetHints":{"allow":["GET"]}}],"collection":[{"href":"https:\/\/www.petitesarvinesfully.ch\/de\/wp-json\/wp\/v2\/pages"}],"about":[{"href":"https:\/\/www.petitesarvinesfully.ch\/de\/wp-json\/wp\/v2\/types\/page"}],"author":[{"embeddable":true,"href":"https:\/\/www.petitesarvinesfully.ch\/de\/wp-json\/wp\/v2\/users\/2"}],"replies":[{"embeddable":true,"href":"https:\/\/www.petitesarvinesfully.ch\/de\/wp-json\/wp\/v2\/comments?post=1160"}],"version-history":[{"count":7,"href":"https:\/\/www.petitesarvinesfully.ch\/de\/wp-json\/wp\/v2\/pages\/1160\/revisions"}],"predecessor-version":[{"id":3064,"href":"https:\/\/www.petitesarvinesfully.ch\/de\/wp-json\/wp\/v2\/pages\/1160\/revisions\/3064"}],"wp:attachment":[{"href":"https:\/\/www.petitesarvinesfully.ch\/de\/wp-json\/wp\/v2\/media?parent=1160"}],"curies":[{"name":"wp","href":"https:\/\/api.w.org\/{rel}","templated":true}]}}