{"id":1143,"date":"2021-08-14T07:13:54","date_gmt":"2021-08-14T07:13:54","guid":{"rendered":"https:\/\/www.petitesarvinesfully.ch\/haute-culture\/"},"modified":"2024-01-25T09:55:22","modified_gmt":"2024-01-25T08:55:22","slug":"hochkultur","status":"publish","type":"page","link":"https:\/\/www.petitesarvinesfully.ch\/de\/hochkultur\/","title":{"rendered":"HOCHKULTUR"},"content":{"rendered":"<div class=\"wpb-content-wrapper\"><p>[vc_row css=&#8220;.vc_custom_1633617000055{padding-top: 80px !important;padding-bottom: 40px !important;}&#8220;][vc_column el_class=&#8220;heading-with-line&#8220;][vc_column_text]<\/p>\n<h1 class=\"main-color\" style=\"text-align: center;\">DIE PETITES<br \/>\nARVINES VON FULLY:<br \/>\n<span class=\"k-line\">EINE HOCHKULTUR!<\/span><\/h1>\n<p>[\/vc_column_text][\/vc_column][\/vc_row][vc_row][vc_column][vc_column_text el_class=&#8220;petite-max800&#8243; css=&#8220;.vc_custom_1643637430416{padding-top: 30px !important;padding-bottom: 80px !important;}&#8220;]In ihrer Kommunikation stellen die Petites Arvines von Fully eine Verbindung zwischen grossen Modesch\u00f6pfern und der Welt des Weines her: <strong>Die Hochkultur<\/strong> (im Franz\u00f6sischen gleicht das Wort \u00abHaute Culture\u00bb dem Ausdruck \u00abHaute Couture\u00bb). Hochkultur nimmt auch Bezug auf die im PRE mit einbezogenen Produktionsbereiche (Rebbau, Bienenzucht, Landwirtschaft), auf die an den Steilh\u00e4ngen von Fully angelegten Rebbergen, welche bis 55 Grad Neigung aufweisen, sowie auf die Eleganz und den Status des Petite Arvine.[\/vc_column_text][\/vc_column][\/vc_row][vc_row][vc_column][vc_row_inner css=&#8220;.vc_custom_1630728603441{margin-bottom: 10px !important;}&#8220;][vc_column_inner][vc_separator color=&#8220;black&#8220; border_width=&#8220;2&#8243;][\/vc_column_inner][\/vc_row_inner][vc_row_inner][vc_column_inner width=&#8220;1\/3&#8243;][zo_fancybox_single icon_type=&#8220;upload&#8220; title_align=&#8220;center&#8220; image=&#8220;1990&#8243; zo_template=&#8220;zo_fancybox_single&#8211;lien.php&#8220;][\/vc_column_inner][vc_column_inner width=&#8220;1\/3&#8243;][zo_fancybox_single icon_type=&#8220;upload&#8220; title_align=&#8220;center&#8220; image=&#8220;1987&#8243; zo_template=&#8220;zo_fancybox_single&#8211;lien.php&#8220;][\/vc_column_inner][vc_column_inner width=&#8220;1\/3&#8243;][zo_fancybox_single icon_type=&#8220;upload&#8220; title_align=&#8220;center&#8220; image=&#8220;1984&#8243; zo_template=&#8220;zo_fancybox_single&#8211;lien.php&#8220;][\/vc_column_inner][\/vc_row_inner][\/vc_column][\/vc_row][vc_row css=&#8220;.vc_custom_1630728588735{padding-top: 80px !important;padding-bottom: 80px !important;}&#8220;][vc_column][vc_row_inner css=&#8220;.vc_custom_1630728603441{margin-bottom: 10px !important;}&#8220;][vc_column_inner][zo_heading class=&#8220;petite-center&#8220; text=&#8220;WEITERE LINKS&#8220; align=&#8220;center&#8220; zo_template=&#8220;zo_heading.php&#8220;][\/vc_column_inner][\/vc_row_inner][vc_row_inner][vc_column_inner width=&#8220;1\/3&#8243;][zo_fancybox_single icon_type=&#8220;upload&#8220; title_item=&#8220;DAS TERROIR&#8220; title_align=&#8220;center&#8220; link_icon=&#8220;yes&#8220; link_title=&#8220;yes&#8220; image=&#8220;416&#8243; link=&#8220;url:%2Fde%2Fdas-terroir%2F&#8220; zo_template=&#8220;zo_fancybox_single&#8211;lien.php&#8220;][\/vc_column_inner][vc_column_inner width=&#8220;1\/3&#8243;][zo_fancybox_single icon_type=&#8220;upload&#8220; title_item=&#8220;REBSORTE&#8220; title_align=&#8220;center&#8220; link_icon=&#8220;yes&#8220; link_title=&#8220;yes&#8220; image=&#8220;412&#8243; link=&#8220;url:%2Fde%2Fdie-petites-arvines%2F&#8220; zo_template=&#8220;zo_fancybox_single&#8211;lien.php&#8220;][\/vc_column_inner][vc_column_inner width=&#8220;1\/3&#8243;][zo_fancybox_single icon_type=&#8220;upload&#8220; title_item=&#8220;DIE PRODUZENTEN&#8220; title_align=&#8220;center&#8220; link_icon=&#8220;yes&#8220; link_title=&#8220;yes&#8220; image=&#8220;408&#8243; link=&#8220;url:%2Fde%2Fdie-produzenten%2F|target:_blank&#8220; zo_template=&#8220;zo_fancybox_single&#8211;lien.php&#8220;][\/vc_column_inner][\/vc_row_inner][\/vc_column][\/vc_row]<\/p>\n<\/div>","protected":false},"excerpt":{"rendered":"<p>[vc_row css=&#8220;.vc_custom_1633617000055{padding-top: 80px !important;padding-bottom: 40px !important;}&#8220;][vc_column el_class=&#8220;heading-with-line&#8220;][vc_column_text] DIE PETITES ARVINES VON FULLY: EINE HOCHKULTUR! [\/vc_column_text][\/vc_column][\/vc_row][vc_row][vc_column][vc_column_text el_class=&#8220;petite-max800&#8243; css=&#8220;.vc_custom_1643637430416{padding-top: 30px !important;padding-bottom: 80px&hellip; <a class=\"read-more\" href=\"https:\/\/www.petitesarvinesfully.ch\/de\/hochkultur\/\">Weiterlesen <span class=\"screen-reader-text\">HOCHKULTUR<\/span><\/a><\/p>\n","protected":false},"author":2,"featured_media":0,"parent":0,"menu_order":0,"comment_status":"closed","ping_status":"closed","template":"","meta":{"_acf_changed":false,"inline_featured_image":false,"footnotes":""},"class_list":["post-1143","page","type-page","status-publish","hentry"],"acf":[],"yoast_head":"<!-- This site is optimized with the Yoast SEO plugin v27.5 - https:\/\/yoast.com\/product\/yoast-seo-wordpress\/ -->\n<title>La Petite Arvine de Fully : c\u00e9page et projet de d\u00e9veloppement r\u00e9gional<\/title>\n<meta name=\"description\" content=\"Fully est le berceau de la Petite Arvine. Le sol cristallin, terrain de jeu de nombreux artisans, conf\u00e8re au vin un go\u00fbt unique. D\u00e9couvrez notre terroir et venez d\u00e9guster nos sp\u00e9cialit\u00e9s.\" \/>\n<meta name=\"robots\" content=\"index, follow, max-snippet:-1, max-image-preview:large, max-video-preview:-1\" \/>\n<link rel=\"canonical\" href=\"https:\/\/www.petitesarvinesfully.ch\/de\/hochkultur\/\" \/>\n<meta property=\"og:locale\" content=\"de_DE\" \/>\n<meta property=\"og:type\" content=\"article\" \/>\n<meta property=\"og:title\" content=\"La Petite Arvine de Fully : c\u00e9page et projet de d\u00e9veloppement r\u00e9gional\" \/>\n<meta property=\"og:description\" content=\"Fully est le berceau de la Petite Arvine. Le sol cristallin, terrain de jeu de nombreux artisans, conf\u00e8re au vin un go\u00fbt unique. D\u00e9couvrez notre terroir et venez d\u00e9guster nos sp\u00e9cialit\u00e9s.\" \/>\n<meta property=\"og:url\" content=\"https:\/\/www.petitesarvinesfully.ch\/de\/hochkultur\/\" \/>\n<meta property=\"og:site_name\" content=\"Petite Arvine\" \/>\n<meta property=\"article:publisher\" content=\"https:\/\/www.facebook.com\/petitesarvinesfully\" \/>\n<meta property=\"article:modified_time\" content=\"2024-01-25T08:55:22+00:00\" \/>\n<meta name=\"twitter:card\" content=\"summary_large_image\" \/>\n<meta name=\"twitter:label1\" content=\"Gesch\u00e4tzte Lesezeit\" \/>\n\t<meta name=\"twitter:data1\" content=\"2\u00a0Minuten\" \/>\n<script type=\"application\/ld+json\" class=\"yoast-schema-graph\">{\"@context\":\"https:\\\/\\\/schema.org\",\"@graph\":[{\"@type\":\"WebPage\",\"@id\":\"https:\\\/\\\/www.petitesarvinesfully.ch\\\/de\\\/hochkultur\\\/\",\"url\":\"https:\\\/\\\/www.petitesarvinesfully.ch\\\/de\\\/hochkultur\\\/\",\"name\":\"La Petite Arvine de Fully : c\u00e9page et projet de d\u00e9veloppement r\u00e9gional\",\"isPartOf\":{\"@id\":\"https:\\\/\\\/www.petitesarvinesfully.ch\\\/de\\\/#website\"},\"datePublished\":\"2021-08-14T07:13:54+00:00\",\"dateModified\":\"2024-01-25T08:55:22+00:00\",\"description\":\"Fully est le berceau de la Petite Arvine. Le sol cristallin, terrain de jeu de nombreux artisans, conf\u00e8re au vin un go\u00fbt unique. D\u00e9couvrez notre terroir et venez d\u00e9guster nos sp\u00e9cialit\u00e9s.\",\"breadcrumb\":{\"@id\":\"https:\\\/\\\/www.petitesarvinesfully.ch\\\/de\\\/hochkultur\\\/#breadcrumb\"},\"inLanguage\":\"de\",\"potentialAction\":[{\"@type\":\"ReadAction\",\"target\":[\"https:\\\/\\\/www.petitesarvinesfully.ch\\\/de\\\/hochkultur\\\/\"]}]},{\"@type\":\"BreadcrumbList\",\"@id\":\"https:\\\/\\\/www.petitesarvinesfully.ch\\\/de\\\/hochkultur\\\/#breadcrumb\",\"itemListElement\":[{\"@type\":\"ListItem\",\"position\":1,\"name\":\"Accueil\",\"item\":\"https:\\\/\\\/www.petitesarvinesfully.ch\\\/de\\\/\"},{\"@type\":\"ListItem\",\"position\":2,\"name\":\"HOCHKULTUR\"}]},{\"@type\":\"WebSite\",\"@id\":\"https:\\\/\\\/www.petitesarvinesfully.ch\\\/de\\\/#website\",\"url\":\"https:\\\/\\\/www.petitesarvinesfully.ch\\\/de\\\/\",\"name\":\"Petite Arvine\",\"description\":\"Just another WordPress site\",\"publisher\":{\"@id\":\"https:\\\/\\\/www.petitesarvinesfully.ch\\\/de\\\/#organization\"},\"potentialAction\":[{\"@type\":\"SearchAction\",\"target\":{\"@type\":\"EntryPoint\",\"urlTemplate\":\"https:\\\/\\\/www.petitesarvinesfully.ch\\\/de\\\/?s={search_term_string}\"},\"query-input\":{\"@type\":\"PropertyValueSpecification\",\"valueRequired\":true,\"valueName\":\"search_term_string\"}}],\"inLanguage\":\"de\"},{\"@type\":\"Organization\",\"@id\":\"https:\\\/\\\/www.petitesarvinesfully.ch\\\/de\\\/#organization\",\"name\":\"Fully Destination Petite Arvine\",\"url\":\"https:\\\/\\\/www.petitesarvinesfully.ch\\\/de\\\/\",\"logo\":{\"@type\":\"ImageObject\",\"inLanguage\":\"de\",\"@id\":\"https:\\\/\\\/www.petitesarvinesfully.ch\\\/de\\\/#\\\/schema\\\/logo\\\/image\\\/\",\"url\":\"https:\\\/\\\/www.petitesarvinesfully.ch\\\/wp-content\\\/uploads\\\/2023\\\/12\\\/logo-petites-arvines-fully.png\",\"contentUrl\":\"https:\\\/\\\/www.petitesarvinesfully.ch\\\/wp-content\\\/uploads\\\/2023\\\/12\\\/logo-petites-arvines-fully.png\",\"width\":1200,\"height\":1200,\"caption\":\"Fully Destination Petite Arvine\"},\"image\":{\"@id\":\"https:\\\/\\\/www.petitesarvinesfully.ch\\\/de\\\/#\\\/schema\\\/logo\\\/image\\\/\"},\"sameAs\":[\"https:\\\/\\\/www.facebook.com\\\/petitesarvinesfully\",\"https:\\\/\\\/www.instagram.com\\\/petitesarvinesfully\\\/\"]}]}<\/script>\n<!-- \/ Yoast SEO plugin. -->","yoast_head_json":{"title":"La Petite Arvine de Fully : c\u00e9page et projet de d\u00e9veloppement r\u00e9gional","description":"Fully est le berceau de la Petite Arvine. Le sol cristallin, terrain de jeu de nombreux artisans, conf\u00e8re au vin un go\u00fbt unique. D\u00e9couvrez notre terroir et venez d\u00e9guster nos sp\u00e9cialit\u00e9s.","robots":{"index":"index","follow":"follow","max-snippet":"max-snippet:-1","max-image-preview":"max-image-preview:large","max-video-preview":"max-video-preview:-1"},"canonical":"https:\/\/www.petitesarvinesfully.ch\/de\/hochkultur\/","og_locale":"de_DE","og_type":"article","og_title":"La Petite Arvine de Fully : c\u00e9page et projet de d\u00e9veloppement r\u00e9gional","og_description":"Fully est le berceau de la Petite Arvine. Le sol cristallin, terrain de jeu de nombreux artisans, conf\u00e8re au vin un go\u00fbt unique. D\u00e9couvrez notre terroir et venez d\u00e9guster nos sp\u00e9cialit\u00e9s.","og_url":"https:\/\/www.petitesarvinesfully.ch\/de\/hochkultur\/","og_site_name":"Petite Arvine","article_publisher":"https:\/\/www.facebook.com\/petitesarvinesfully","article_modified_time":"2024-01-25T08:55:22+00:00","twitter_card":"summary_large_image","twitter_misc":{"Gesch\u00e4tzte Lesezeit":"2\u00a0Minuten"},"schema":{"@context":"https:\/\/schema.org","@graph":[{"@type":"WebPage","@id":"https:\/\/www.petitesarvinesfully.ch\/de\/hochkultur\/","url":"https:\/\/www.petitesarvinesfully.ch\/de\/hochkultur\/","name":"La Petite Arvine de Fully : c\u00e9page et projet de d\u00e9veloppement r\u00e9gional","isPartOf":{"@id":"https:\/\/www.petitesarvinesfully.ch\/de\/#website"},"datePublished":"2021-08-14T07:13:54+00:00","dateModified":"2024-01-25T08:55:22+00:00","description":"Fully est le berceau de la Petite Arvine. Le sol cristallin, terrain de jeu de nombreux artisans, conf\u00e8re au vin un go\u00fbt unique. D\u00e9couvrez notre terroir et venez d\u00e9guster nos sp\u00e9cialit\u00e9s.","breadcrumb":{"@id":"https:\/\/www.petitesarvinesfully.ch\/de\/hochkultur\/#breadcrumb"},"inLanguage":"de","potentialAction":[{"@type":"ReadAction","target":["https:\/\/www.petitesarvinesfully.ch\/de\/hochkultur\/"]}]},{"@type":"BreadcrumbList","@id":"https:\/\/www.petitesarvinesfully.ch\/de\/hochkultur\/#breadcrumb","itemListElement":[{"@type":"ListItem","position":1,"name":"Accueil","item":"https:\/\/www.petitesarvinesfully.ch\/de\/"},{"@type":"ListItem","position":2,"name":"HOCHKULTUR"}]},{"@type":"WebSite","@id":"https:\/\/www.petitesarvinesfully.ch\/de\/#website","url":"https:\/\/www.petitesarvinesfully.ch\/de\/","name":"Petite Arvine","description":"Just another WordPress site","publisher":{"@id":"https:\/\/www.petitesarvinesfully.ch\/de\/#organization"},"potentialAction":[{"@type":"SearchAction","target":{"@type":"EntryPoint","urlTemplate":"https:\/\/www.petitesarvinesfully.ch\/de\/?s={search_term_string}"},"query-input":{"@type":"PropertyValueSpecification","valueRequired":true,"valueName":"search_term_string"}}],"inLanguage":"de"},{"@type":"Organization","@id":"https:\/\/www.petitesarvinesfully.ch\/de\/#organization","name":"Fully Destination Petite Arvine","url":"https:\/\/www.petitesarvinesfully.ch\/de\/","logo":{"@type":"ImageObject","inLanguage":"de","@id":"https:\/\/www.petitesarvinesfully.ch\/de\/#\/schema\/logo\/image\/","url":"https:\/\/www.petitesarvinesfully.ch\/wp-content\/uploads\/2023\/12\/logo-petites-arvines-fully.png","contentUrl":"https:\/\/www.petitesarvinesfully.ch\/wp-content\/uploads\/2023\/12\/logo-petites-arvines-fully.png","width":1200,"height":1200,"caption":"Fully Destination Petite Arvine"},"image":{"@id":"https:\/\/www.petitesarvinesfully.ch\/de\/#\/schema\/logo\/image\/"},"sameAs":["https:\/\/www.facebook.com\/petitesarvinesfully","https:\/\/www.instagram.com\/petitesarvinesfully\/"]}]}},"_links":{"self":[{"href":"https:\/\/www.petitesarvinesfully.ch\/de\/wp-json\/wp\/v2\/pages\/1143","targetHints":{"allow":["GET"]}}],"collection":[{"href":"https:\/\/www.petitesarvinesfully.ch\/de\/wp-json\/wp\/v2\/pages"}],"about":[{"href":"https:\/\/www.petitesarvinesfully.ch\/de\/wp-json\/wp\/v2\/types\/page"}],"author":[{"embeddable":true,"href":"https:\/\/www.petitesarvinesfully.ch\/de\/wp-json\/wp\/v2\/users\/2"}],"replies":[{"embeddable":true,"href":"https:\/\/www.petitesarvinesfully.ch\/de\/wp-json\/wp\/v2\/comments?post=1143"}],"version-history":[{"count":6,"href":"https:\/\/www.petitesarvinesfully.ch\/de\/wp-json\/wp\/v2\/pages\/1143\/revisions"}],"predecessor-version":[{"id":1992,"href":"https:\/\/www.petitesarvinesfully.ch\/de\/wp-json\/wp\/v2\/pages\/1143\/revisions\/1992"}],"wp:attachment":[{"href":"https:\/\/www.petitesarvinesfully.ch\/de\/wp-json\/wp\/v2\/media?parent=1143"}],"curies":[{"name":"wp","href":"https:\/\/api.w.org\/{rel}","templated":true}]}}