{"id":2295,"date":"2024-12-28T08:00:14","date_gmt":"2024-12-28T07:00:14","guid":{"rendered":"https:\/\/www.petitesarvinesfully.ch\/?post_type=experience&#038;p=2295"},"modified":"2025-01-31T12:31:04","modified_gmt":"2025-01-31T11:31:04","slug":"les-petites-arvines-de-fully-in-zurich","status":"publish","type":"experience","link":"https:\/\/www.petitesarvinesfully.ch\/de\/erlebnis\/les-petites-arvines-de-fully-in-zurich\/","title":{"rendered":"Les Petites Arvines de Fully in Z\u00fcrich"},"content":{"rendered":"<div class=\"wpb-content-wrapper\"><p>[vc_row][vc_column][vc_column_text css=&#8220;&#8220; el_class=&#8220;combe-box&#8220;]<\/p>\n<h3>Les Petites Arvines de Fully in Z\u00fcrich<\/h3>\n<p>Wir freuen uns, Sie zu unserem ersten Event im Jahr 2025 einzuladen, der in Z\u00fcrich stattfinden wird! Am Montag, den 24. M\u00e4rz 2025, erwarten wir Sie zu einer besonderen Degustation rund um die Petite Arvine de Fully, gefolgt von einem Ap\u00e9ro und einem Abendessen, bei dem die Petite Arvine de Fully perfekt mit regionalen Spezialit\u00e4ten kombiniert wird.<\/p>\n<p><strong>Programm<\/strong><\/p>\n<p><strong>16.00 \u2013 18.00 Uhr<br \/>\n<\/strong><\/p>\n<p>Degustation der Petite Arvine de Fully<\/p>\n<p><strong>18.00 \u2013 19.00 Uhr<br \/>\n<\/strong><\/p>\n<p>Aperitif an der Bar mit unseren Winzern und Sommeliers<\/p>\n<p><strong>19.00 &#8211; 21.00 Uhr<br \/>\n<\/strong><\/p>\n<p>Drei-G\u00e4nge-Men\u00fc perfekt abgestimmt auf die Petite Arvine de Fully![\/vc_column_text][\/vc_column][\/vc_row][vc_row css=&#8220;.vc_custom_1633682733969{margin-top: 20px !important;}&#8220;][vc_column][vc_custom_heading text=&#8220;Unsere Winzer und Winzerinnen&#8220; font_container=&#8220;tag:h3|font_size:36px|text_align:left&#8220; use_theme_fonts=&#8220;yes&#8220; css=&#8220;.vc_custom_1674460356901{margin-bottom: 30px !important;}&#8220; el_class=&#8220;main-color&#8220;][vc_column_text css=&#8220;.vc_custom_1735463502209{border-bottom-width: 2px !important;padding-bottom: 30px !important;border-bottom-style: solid !important;border-color: #dd9933 !important;}&#8220;]<a href=\"https:\/\/www.petitesarvinesfully.ch\/de\/die-produzenten\/cave-des-amandiers\/\" target=\"_blank\" rel=\"noopener\">Cave des Amandiers <\/a>\u00a0<span style=\"color: #ae9142;\">|<\/span><a href=\"https:\/\/www.petitesarvinesfully.ch\/de\/die-produzenten\/cave-marie-therese-chappaz\/\" target=\"_blank\" rel=\"noopener\"> Cave Marie-Th\u00e9r\u00e8se Chappaz <\/a>\u00a0<span style=\"color: #ae9142;\">|<\/span>\u00a0 <a href=\"https:\/\/www.petitesarvinesfully.ch\/de\/die-produzenten\/cave-du-chavalard\/\" target=\"_blank\" rel=\"noopener\">Cave du Chavalard <\/a>\u00a0<span style=\"color: #ae9142;\">|<\/span>\u00a0 <a href=\"https:\/\/www.petitesarvinesfully.ch\/de\/die-produzenten\/cave-le-grillon\/\" target=\"_blank\" rel=\"noopener\">Cave le Grillon <\/a>\u00a0<span style=\"color: #ae9142;\">|<\/span>\u00a0 <a href=\"https:\/\/www.petitesarvinesfully.ch\/de\/die-produzenten\/benoit-dorsaz\/\" target=\"_blank\" rel=\"noopener\">Cave Beno\u00eet Dorsaz <\/a>\u00a0<span style=\"color: #ae9142;\">|<\/span>\u00a0 <a href=\"https:\/\/www.petitesarvinesfully.ch\/producteurs\/pierre-elie-carron\/\">Cave Pierre-Elie Carron<\/a> \u00a0<span style=\"color: #ae9142;\">|<\/span>\u00a0 <a href=\"https:\/\/www.petitesarvinesfully.ch\/de\/die-produzenten\/cave-de-lorlaya\/\" target=\"_blank\" rel=\"noopener\">Cave de l\u2019Orlaya <\/a>\u00a0<span style=\"color: #ae9142;\">| <\/span><a href=\"https:\/\/www.petitesarvinesfully.ch\/de\/die-produzenten\/cave-philippe-et-veronyc-mettaz\/\" target=\"_blank\" rel=\"noopener\">Domaine Mettaz <\/a>\u00a0<span style=\"color: #ae9142;\">|<\/span>\u00a0 <a href=\"https:\/\/www.petitesarvinesfully.ch\/de\/die-produzenten\/gerard-dorsaz\/\" target=\"_blank\" rel=\"noopener\">Cave G\u00e9rard Dorsaz <\/a>\u00a0<span style=\"color: #ae9142;\">|<\/span>\u00a0 <a href=\"https:\/\/www.petitesarvinesfully.ch\/de\/die-produzenten\/cave-mandole\/\" target=\"_blank\" rel=\"noopener\">Cave Mandol\u00e9 <\/a>\u00a0<span style=\"color: #ae9142;\">|<\/span>\u00a0 <a href=\"https:\/\/www.petitesarvinesfully.ch\/de\/die-produzenten\/cave-la-cigale\/\">Cave La Cigale<\/a>[\/vc_column_text][\/vc_column][\/vc_row][vc_row][vc_column][vc_single_image image=&#8220;2215&#8243; img_size=&#8220;full&#8220;][\/vc_column][\/vc_row]<\/p>\n<\/div>","protected":false},"featured_media":2215,"template":"","tags":[],"experience_category":[35],"class_list":["post-2295","experience","type-experience","status-publish","has-post-thumbnail","hentry","experience_category-die-weine"],"acf":[],"yoast_head":"<!-- This site is optimized with the Yoast SEO plugin v27.5 - https:\/\/yoast.com\/product\/yoast-seo-wordpress\/ -->\n<title>Les Petites Arvines de Fully in Z\u00fcrich - Petite Arvine<\/title>\n<meta name=\"description\" content=\"Les Petites Arvines de Fully in Z\u00fcrich - Montag 24. M\u00e4rz 2025 im Restaurant La Salle in Z\u00fcrich.\" \/>\n<meta name=\"robots\" content=\"index, follow, max-snippet:-1, max-image-preview:large, max-video-preview:-1\" \/>\n<link rel=\"canonical\" href=\"https:\/\/www.petitesarvinesfully.ch\/de\/erlebnis\/les-petites-arvines-de-fully-in-zurich\/\" \/>\n<meta property=\"og:locale\" content=\"de_DE\" \/>\n<meta property=\"og:type\" content=\"article\" \/>\n<meta property=\"og:title\" content=\"Les Petites Arvines de Fully in Z\u00fcrich - Petite Arvine\" \/>\n<meta property=\"og:description\" content=\"Les Petites Arvines de Fully in Z\u00fcrich - Montag 24. M\u00e4rz 2025 im Restaurant La Salle in Z\u00fcrich.\" \/>\n<meta property=\"og:url\" content=\"https:\/\/www.petitesarvinesfully.ch\/de\/erlebnis\/les-petites-arvines-de-fully-in-zurich\/\" \/>\n<meta property=\"og:site_name\" content=\"Petite Arvine\" \/>\n<meta property=\"article:publisher\" content=\"https:\/\/www.facebook.com\/petitesarvinesfully\" \/>\n<meta property=\"article:modified_time\" content=\"2025-01-31T11:31:04+00:00\" \/>\n<meta property=\"og:image\" content=\"https:\/\/www.petitesarvinesfully.ch\/wp-content\/uploads\/2023\/12\/petites-arvines-fully-salon-zurich-2024.webp\" \/>\n\t<meta property=\"og:image:width\" content=\"1464\" \/>\n\t<meta property=\"og:image:height\" content=\"976\" \/>\n\t<meta property=\"og:image:type\" content=\"image\/webp\" \/>\n<meta name=\"twitter:card\" content=\"summary_large_image\" \/>\n<meta name=\"twitter:label1\" content=\"Gesch\u00e4tzte Lesezeit\" \/>\n\t<meta name=\"twitter:data1\" content=\"2\u00a0Minuten\" \/>\n<script type=\"application\/ld+json\" class=\"yoast-schema-graph\">{\"@context\":\"https:\\\/\\\/schema.org\",\"@graph\":[{\"@type\":\"WebPage\",\"@id\":\"https:\\\/\\\/www.petitesarvinesfully.ch\\\/de\\\/erlebnis\\\/les-petites-arvines-de-fully-in-zurich\\\/\",\"url\":\"https:\\\/\\\/www.petitesarvinesfully.ch\\\/de\\\/erlebnis\\\/les-petites-arvines-de-fully-in-zurich\\\/\",\"name\":\"Les Petites Arvines de Fully in Z\u00fcrich - Petite Arvine\",\"isPartOf\":{\"@id\":\"https:\\\/\\\/www.petitesarvinesfully.ch\\\/de\\\/#website\"},\"primaryImageOfPage\":{\"@id\":\"https:\\\/\\\/www.petitesarvinesfully.ch\\\/de\\\/erlebnis\\\/les-petites-arvines-de-fully-in-zurich\\\/#primaryimage\"},\"image\":{\"@id\":\"https:\\\/\\\/www.petitesarvinesfully.ch\\\/de\\\/erlebnis\\\/les-petites-arvines-de-fully-in-zurich\\\/#primaryimage\"},\"thumbnailUrl\":\"https:\\\/\\\/www.petitesarvinesfully.ch\\\/wp-content\\\/uploads\\\/2023\\\/12\\\/petites-arvines-fully-salon-zurich-2024.webp\",\"datePublished\":\"2024-12-28T07:00:14+00:00\",\"dateModified\":\"2025-01-31T11:31:04+00:00\",\"description\":\"Les Petites Arvines de Fully in Z\u00fcrich - Montag 24. M\u00e4rz 2025 im Restaurant La Salle in Z\u00fcrich.\",\"breadcrumb\":{\"@id\":\"https:\\\/\\\/www.petitesarvinesfully.ch\\\/de\\\/erlebnis\\\/les-petites-arvines-de-fully-in-zurich\\\/#breadcrumb\"},\"inLanguage\":\"de\",\"potentialAction\":[{\"@type\":\"ReadAction\",\"target\":[\"https:\\\/\\\/www.petitesarvinesfully.ch\\\/de\\\/erlebnis\\\/les-petites-arvines-de-fully-in-zurich\\\/\"]}]},{\"@type\":\"ImageObject\",\"inLanguage\":\"de\",\"@id\":\"https:\\\/\\\/www.petitesarvinesfully.ch\\\/de\\\/erlebnis\\\/les-petites-arvines-de-fully-in-zurich\\\/#primaryimage\",\"url\":\"https:\\\/\\\/www.petitesarvinesfully.ch\\\/wp-content\\\/uploads\\\/2023\\\/12\\\/petites-arvines-fully-salon-zurich-2024.webp\",\"contentUrl\":\"https:\\\/\\\/www.petitesarvinesfully.ch\\\/wp-content\\\/uploads\\\/2023\\\/12\\\/petites-arvines-fully-salon-zurich-2024.webp\",\"width\":1464,\"height\":976,\"caption\":\"Le salon des Petites Arvines \u00e0 Zurich\"},{\"@type\":\"BreadcrumbList\",\"@id\":\"https:\\\/\\\/www.petitesarvinesfully.ch\\\/de\\\/erlebnis\\\/les-petites-arvines-de-fully-in-zurich\\\/#breadcrumb\",\"itemListElement\":[{\"@type\":\"ListItem\",\"position\":1,\"name\":\"Accueil\",\"item\":\"https:\\\/\\\/www.petitesarvinesfully.ch\\\/de\\\/\"},{\"@type\":\"ListItem\",\"position\":2,\"name\":\"Les Petites Arvines de Fully in Z\u00fcrich\"}]},{\"@type\":\"WebSite\",\"@id\":\"https:\\\/\\\/www.petitesarvinesfully.ch\\\/de\\\/#website\",\"url\":\"https:\\\/\\\/www.petitesarvinesfully.ch\\\/de\\\/\",\"name\":\"Petite Arvine\",\"description\":\"Just another WordPress site\",\"publisher\":{\"@id\":\"https:\\\/\\\/www.petitesarvinesfully.ch\\\/de\\\/#organization\"},\"potentialAction\":[{\"@type\":\"SearchAction\",\"target\":{\"@type\":\"EntryPoint\",\"urlTemplate\":\"https:\\\/\\\/www.petitesarvinesfully.ch\\\/de\\\/?s={search_term_string}\"},\"query-input\":{\"@type\":\"PropertyValueSpecification\",\"valueRequired\":true,\"valueName\":\"search_term_string\"}}],\"inLanguage\":\"de\"},{\"@type\":\"Organization\",\"@id\":\"https:\\\/\\\/www.petitesarvinesfully.ch\\\/de\\\/#organization\",\"name\":\"Fully Destination Petite Arvine\",\"url\":\"https:\\\/\\\/www.petitesarvinesfully.ch\\\/de\\\/\",\"logo\":{\"@type\":\"ImageObject\",\"inLanguage\":\"de\",\"@id\":\"https:\\\/\\\/www.petitesarvinesfully.ch\\\/de\\\/#\\\/schema\\\/logo\\\/image\\\/\",\"url\":\"https:\\\/\\\/www.petitesarvinesfully.ch\\\/wp-content\\\/uploads\\\/2023\\\/12\\\/logo-petites-arvines-fully.png\",\"contentUrl\":\"https:\\\/\\\/www.petitesarvinesfully.ch\\\/wp-content\\\/uploads\\\/2023\\\/12\\\/logo-petites-arvines-fully.png\",\"width\":1200,\"height\":1200,\"caption\":\"Fully Destination Petite Arvine\"},\"image\":{\"@id\":\"https:\\\/\\\/www.petitesarvinesfully.ch\\\/de\\\/#\\\/schema\\\/logo\\\/image\\\/\"},\"sameAs\":[\"https:\\\/\\\/www.facebook.com\\\/petitesarvinesfully\",\"https:\\\/\\\/www.instagram.com\\\/petitesarvinesfully\\\/\"]}]}<\/script>\n<!-- \/ Yoast SEO plugin. -->","yoast_head_json":{"title":"Les Petites Arvines de Fully in Z\u00fcrich - Petite Arvine","description":"Les Petites Arvines de Fully in Z\u00fcrich - Montag 24. M\u00e4rz 2025 im Restaurant La Salle in Z\u00fcrich.","robots":{"index":"index","follow":"follow","max-snippet":"max-snippet:-1","max-image-preview":"max-image-preview:large","max-video-preview":"max-video-preview:-1"},"canonical":"https:\/\/www.petitesarvinesfully.ch\/de\/erlebnis\/les-petites-arvines-de-fully-in-zurich\/","og_locale":"de_DE","og_type":"article","og_title":"Les Petites Arvines de Fully in Z\u00fcrich - Petite Arvine","og_description":"Les Petites Arvines de Fully in Z\u00fcrich - Montag 24. M\u00e4rz 2025 im Restaurant La Salle in Z\u00fcrich.","og_url":"https:\/\/www.petitesarvinesfully.ch\/de\/erlebnis\/les-petites-arvines-de-fully-in-zurich\/","og_site_name":"Petite Arvine","article_publisher":"https:\/\/www.facebook.com\/petitesarvinesfully","article_modified_time":"2025-01-31T11:31:04+00:00","og_image":[{"width":1464,"height":976,"url":"https:\/\/www.petitesarvinesfully.ch\/wp-content\/uploads\/2023\/12\/petites-arvines-fully-salon-zurich-2024.webp","type":"image\/webp"}],"twitter_card":"summary_large_image","twitter_misc":{"Gesch\u00e4tzte Lesezeit":"2\u00a0Minuten"},"schema":{"@context":"https:\/\/schema.org","@graph":[{"@type":"WebPage","@id":"https:\/\/www.petitesarvinesfully.ch\/de\/erlebnis\/les-petites-arvines-de-fully-in-zurich\/","url":"https:\/\/www.petitesarvinesfully.ch\/de\/erlebnis\/les-petites-arvines-de-fully-in-zurich\/","name":"Les Petites Arvines de Fully in Z\u00fcrich - Petite Arvine","isPartOf":{"@id":"https:\/\/www.petitesarvinesfully.ch\/de\/#website"},"primaryImageOfPage":{"@id":"https:\/\/www.petitesarvinesfully.ch\/de\/erlebnis\/les-petites-arvines-de-fully-in-zurich\/#primaryimage"},"image":{"@id":"https:\/\/www.petitesarvinesfully.ch\/de\/erlebnis\/les-petites-arvines-de-fully-in-zurich\/#primaryimage"},"thumbnailUrl":"https:\/\/www.petitesarvinesfully.ch\/wp-content\/uploads\/2023\/12\/petites-arvines-fully-salon-zurich-2024.webp","datePublished":"2024-12-28T07:00:14+00:00","dateModified":"2025-01-31T11:31:04+00:00","description":"Les Petites Arvines de Fully in Z\u00fcrich - Montag 24. M\u00e4rz 2025 im Restaurant La Salle in Z\u00fcrich.","breadcrumb":{"@id":"https:\/\/www.petitesarvinesfully.ch\/de\/erlebnis\/les-petites-arvines-de-fully-in-zurich\/#breadcrumb"},"inLanguage":"de","potentialAction":[{"@type":"ReadAction","target":["https:\/\/www.petitesarvinesfully.ch\/de\/erlebnis\/les-petites-arvines-de-fully-in-zurich\/"]}]},{"@type":"ImageObject","inLanguage":"de","@id":"https:\/\/www.petitesarvinesfully.ch\/de\/erlebnis\/les-petites-arvines-de-fully-in-zurich\/#primaryimage","url":"https:\/\/www.petitesarvinesfully.ch\/wp-content\/uploads\/2023\/12\/petites-arvines-fully-salon-zurich-2024.webp","contentUrl":"https:\/\/www.petitesarvinesfully.ch\/wp-content\/uploads\/2023\/12\/petites-arvines-fully-salon-zurich-2024.webp","width":1464,"height":976,"caption":"Le salon des Petites Arvines \u00e0 Zurich"},{"@type":"BreadcrumbList","@id":"https:\/\/www.petitesarvinesfully.ch\/de\/erlebnis\/les-petites-arvines-de-fully-in-zurich\/#breadcrumb","itemListElement":[{"@type":"ListItem","position":1,"name":"Accueil","item":"https:\/\/www.petitesarvinesfully.ch\/de\/"},{"@type":"ListItem","position":2,"name":"Les Petites Arvines de Fully in Z\u00fcrich"}]},{"@type":"WebSite","@id":"https:\/\/www.petitesarvinesfully.ch\/de\/#website","url":"https:\/\/www.petitesarvinesfully.ch\/de\/","name":"Petite Arvine","description":"Just another WordPress site","publisher":{"@id":"https:\/\/www.petitesarvinesfully.ch\/de\/#organization"},"potentialAction":[{"@type":"SearchAction","target":{"@type":"EntryPoint","urlTemplate":"https:\/\/www.petitesarvinesfully.ch\/de\/?s={search_term_string}"},"query-input":{"@type":"PropertyValueSpecification","valueRequired":true,"valueName":"search_term_string"}}],"inLanguage":"de"},{"@type":"Organization","@id":"https:\/\/www.petitesarvinesfully.ch\/de\/#organization","name":"Fully Destination Petite Arvine","url":"https:\/\/www.petitesarvinesfully.ch\/de\/","logo":{"@type":"ImageObject","inLanguage":"de","@id":"https:\/\/www.petitesarvinesfully.ch\/de\/#\/schema\/logo\/image\/","url":"https:\/\/www.petitesarvinesfully.ch\/wp-content\/uploads\/2023\/12\/logo-petites-arvines-fully.png","contentUrl":"https:\/\/www.petitesarvinesfully.ch\/wp-content\/uploads\/2023\/12\/logo-petites-arvines-fully.png","width":1200,"height":1200,"caption":"Fully Destination Petite Arvine"},"image":{"@id":"https:\/\/www.petitesarvinesfully.ch\/de\/#\/schema\/logo\/image\/"},"sameAs":["https:\/\/www.facebook.com\/petitesarvinesfully","https:\/\/www.instagram.com\/petitesarvinesfully\/"]}]}},"_links":{"self":[{"href":"https:\/\/www.petitesarvinesfully.ch\/de\/wp-json\/wp\/v2\/experience\/2295","targetHints":{"allow":["GET"]}}],"collection":[{"href":"https:\/\/www.petitesarvinesfully.ch\/de\/wp-json\/wp\/v2\/experience"}],"about":[{"href":"https:\/\/www.petitesarvinesfully.ch\/de\/wp-json\/wp\/v2\/types\/experience"}],"wp:featuredmedia":[{"embeddable":true,"href":"https:\/\/www.petitesarvinesfully.ch\/de\/wp-json\/wp\/v2\/media\/2215"}],"wp:attachment":[{"href":"https:\/\/www.petitesarvinesfully.ch\/de\/wp-json\/wp\/v2\/media?parent=2295"}],"wp:term":[{"taxonomy":"post_tag","embeddable":true,"href":"https:\/\/www.petitesarvinesfully.ch\/de\/wp-json\/wp\/v2\/tags?post=2295"},{"taxonomy":"experience_category","embeddable":true,"href":"https:\/\/www.petitesarvinesfully.ch\/de\/wp-json\/wp\/v2\/experience_category?post=2295"}],"curies":[{"name":"wp","href":"https:\/\/api.w.org\/{rel}","templated":true}]}}